{"id":3780,"date":"2022-03-30T09:34:02","date_gmt":"2022-03-30T09:34:02","guid":{"rendered":"https:\/\/campismo-o-tamanco.com\/quedate\/camping\/"},"modified":"2025-01-29T18:17:49","modified_gmt":"2025-01-29T18:17:49","slug":"camping","status":"publish","type":"page","link":"https:\/\/campismo-o-tamanco.com\/es\/quedate\/camping\/","title":{"rendered":"Camping"},"content":{"rendered":"\n<h1 class=\"wp-block-heading has-text-align-center\">Camping<\/h1>\n\n\n\n<div class=\"wp-block-group is-style-small-section is-layout-flow wp-block-group-is-layout-flow\">\n<p class=\"has-text-align-center\">Rod\u00e9ate de huertas org\u00e1nicas, huertos frutales y una sensaci\u00f3n de bosque.<\/p>\n\n\n\n<p class=\"has-text-align-center\">Elija entre espacios con semisombra o soleadas para tiendas de campa\u00f1a, caravanas y autocaravanas con f\u00e1cil acceso. Nuestro camping est\u00e1 construido de forma espaciosa, todas las parcelas est\u00e1n repartidas en una exuberante vegetaci\u00f3n y aun as\u00ed cuentan con servicio de electricidad.<\/p>\n\n\n\n<p class=\"has-text-align-center\">Aqu\u00ed reina un ambiente refrescantemente relajado, con una gran variedad de vegetaci\u00f3n, donde la fragancia de los arbustos y los azahares le dejar\u00e1 encantado, y sentir\u00e1 que la paz le inunda con el canto de los p\u00e1jaros.<\/p>\n\n\n\n<p class=\"has-text-align-center\">Las mascotas son bienvenidas y puedes encontrar pollitos, patos y conejillos de indias jugando como buenos amigos en la colina detr\u00e1s del campamento. Adem\u00e1s, hay un jard\u00edn de permacultura, y una biblioteca de granos para intercambiar semillas (\u00a1para que pueda plantar sus recuerdos al regresar a casa!)<\/p>\n<\/div>\n\n\n\n<div class=\"wp-block-buttons is-layout-flex wp-block-buttons-is-layout-flex\">\n<div class=\"wp-block-button is-style-circle\"><a class=\"wp-block-button__link\" href=\"https:\/\/campismo-o-tamanco.com\/es\/reserva-ahora\/\">Reserva <br>ahora<\/a><\/div>\n<\/div>\n\n\n\n<figure class=\"wp-block-gallery has-nested-images columns-default is-cropped is-style-big-gap wp-block-gallery-1 is-layout-flex wp-block-gallery-is-layout-flex\">\n<figure class=\"wp-block-image size-handcraft-square\"><img loading=\"lazy\" decoding=\"async\" width=\"1500\" height=\"1500\" data-id=\"4756\" src=\"https:\/\/campismo-o-tamanco.com\/wp-content\/uploads\/2022\/04\/DSC05414-2.jpg\" alt=\"\" class=\"wp-image-4756\" srcset=\"https:\/\/campismo-o-tamanco.com\/wp-content\/uploads\/2022\/04\/DSC05414-2.jpg 1500w, https:\/\/campismo-o-tamanco.com\/wp-content\/uploads\/2022\/04\/DSC05414-2-300x300.jpg 300w, https:\/\/campismo-o-tamanco.com\/wp-content\/uploads\/2022\/04\/DSC05414-2-1024x1024.jpg 1024w, https:\/\/campismo-o-tamanco.com\/wp-content\/uploads\/2022\/04\/DSC05414-2-150x150.jpg 150w, https:\/\/campismo-o-tamanco.com\/wp-content\/uploads\/2022\/04\/DSC05414-2-768x768.jpg 768w, https:\/\/campismo-o-tamanco.com\/wp-content\/uploads\/2022\/04\/DSC05414-2-512x512.jpg 512w\" sizes=\"auto, (max-width: 1500px) 100vw, 1500px\" \/><\/figure>\n\n\n\n<figure class=\"wp-block-image size-handcraft-square\"><img loading=\"lazy\" decoding=\"async\" width=\"1500\" height=\"1500\" data-id=\"4748\" src=\"https:\/\/campismo-o-tamanco.com\/wp-content\/uploads\/2022\/04\/DSC05717.jpg\" alt=\"\" class=\"wp-image-4748\" srcset=\"https:\/\/campismo-o-tamanco.com\/wp-content\/uploads\/2022\/04\/DSC05717.jpg 1500w, https:\/\/campismo-o-tamanco.com\/wp-content\/uploads\/2022\/04\/DSC05717-300x300.jpg 300w, https:\/\/campismo-o-tamanco.com\/wp-content\/uploads\/2022\/04\/DSC05717-1024x1024.jpg 1024w, https:\/\/campismo-o-tamanco.com\/wp-content\/uploads\/2022\/04\/DSC05717-150x150.jpg 150w, https:\/\/campismo-o-tamanco.com\/wp-content\/uploads\/2022\/04\/DSC05717-768x768.jpg 768w, https:\/\/campismo-o-tamanco.com\/wp-content\/uploads\/2022\/04\/DSC05717-512x512.jpg 512w\" sizes=\"auto, (max-width: 1500px) 100vw, 1500px\" \/><\/figure>\n\n\n\n<figure class=\"wp-block-image size-handcraft-square\"><img loading=\"lazy\" decoding=\"async\" width=\"1500\" height=\"1500\" data-id=\"4539\" src=\"https:\/\/campismo-o-tamanco.com\/wp-content\/uploads\/2022\/04\/DSC05154-1.jpg\" alt=\"\" class=\"wp-image-4539\" srcset=\"https:\/\/campismo-o-tamanco.com\/wp-content\/uploads\/2022\/04\/DSC05154-1.jpg 1500w, https:\/\/campismo-o-tamanco.com\/wp-content\/uploads\/2022\/04\/DSC05154-1-300x300.jpg 300w, https:\/\/campismo-o-tamanco.com\/wp-content\/uploads\/2022\/04\/DSC05154-1-1024x1024.jpg 1024w, https:\/\/campismo-o-tamanco.com\/wp-content\/uploads\/2022\/04\/DSC05154-1-150x150.jpg 150w, https:\/\/campismo-o-tamanco.com\/wp-content\/uploads\/2022\/04\/DSC05154-1-768x768.jpg 768w, https:\/\/campismo-o-tamanco.com\/wp-content\/uploads\/2022\/04\/DSC05154-1-512x512.jpg 512w\" sizes=\"auto, (max-width: 1500px) 100vw, 1500px\" \/><\/figure>\n<\/figure>\n\n\n\n<div class=\"wp-block-group alignfull is-layout-flow wp-block-group-is-layout-flow\">\n<div class=\"wp-block-group is-layout-flow wp-block-group-is-layout-flow\">\n<div class=\"wp-block-columns is-layout-flex wp-container-core-columns-is-layout-28f84493 wp-block-columns-is-layout-flex\">\n<div class=\"wp-block-column is-layout-flow wp-block-column-is-layout-flow\" style=\"flex-basis:100%\">\n<div class=\"wp-block-columns is-layout-flex wp-container-core-columns-is-layout-28f84493 wp-block-columns-is-layout-flex\">\n<div class=\"wp-block-column is-layout-flow wp-block-column-is-layout-flow\" style=\"flex-basis:100%\">\n<div class=\"wp-block-group alignfull is-style-primary-background is-layout-constrained wp-block-group-is-layout-constrained\" style=\"padding-top:24px\">\n<h3 class=\"wp-block-heading alignwide\"><\/h3>\n\n\n\n<h3 class=\"wp-block-heading\">Espacio de Camping<\/h3>\n\n\n\n<p>Nosotros proporcionamos la tierra y usted el refugio.<\/p>\n\n\n\n<div class=\"wp-block-columns is-layout-flex wp-container-core-columns-is-layout-28f84493 wp-block-columns-is-layout-flex\">\n<div class=\"wp-block-column is-layout-flow wp-block-column-is-layout-flow\">\n<h3 class=\"wp-block-heading\">1 de Julio al 8 de Septiembre (Temporada Alta)<\/h3>\n\n\n\n<p>Espacio de Camping (Max 6 personas)<\/p>\n\n\n\n<ul class=\"wp-block-list\">\n<li>\u20ac 20,00 \/ noche con 6A de electricidad<\/li>\n<\/ul>\n\n\n\n<p>Precio por persona<\/p>\n\n\n\n<ul class=\"wp-block-list\">\n<li>\u20ac 1,50 \/ noche para Beb\u00e9s (0 \u2013 2 a\u00f1os)<\/li>\n\n\n\n<li>\u20ac 4,50 \/ noche para Ni\u00f1os (3 \u2013 13 a\u00f1os)<\/li>\n\n\n\n<li>\u20ac 6,50 \/ noche para Adultos (+ 14 a\u00f1os)<\/li>\n\n\n\n<li>\u20ac 2,00 \/ noche para Mascotas<\/li>\n<\/ul>\n\n\n\n<h3 class=\"wp-block-heading\">Peregrinos y Ciclistas con tienda igl\u00fa<\/h3>\n\n\n\n<p>Parcela de acampada en \u00abEl Salvaje Oeste\u00bb (Sin electricidad, sin veh\u00edculo)<\/p>\n\n\n\n<p>De marzo a octubre (Toda la temporada)<\/p>\n\n\n\n<ul class=\"wp-block-list\">\n<li>\u20ac 15,00 por noite at\u00e9 duas pessoas<\/li>\n<\/ul>\n<\/div>\n\n\n\n<div class=\"wp-block-column is-layout-flow wp-block-column-is-layout-flow\">\n<h3 class=\"wp-block-heading\">Del 1 de abril al 30 de junio y del 9 de septiembre al 31 de octubre (temporada baja).<\/h3>\n\n\n\n<p>Espacio Camping (6A elect), 2 personas<\/p>\n\n\n\n<ul class=\"wp-block-list\">\n<li>\u20ac 22,00 \/ noche con ACSI CampingCard<\/li>\n\n\n\n<li>\u20ac 25,50 \/ noche sin ACSI CampingCard<\/li>\n<\/ul>\n\n\n\n<p>Personas adicionales<\/p>\n\n\n\n<ul class=\"wp-block-list\">\n<li>\u20ac 1,50 \/ noche para Beb\u00e9s (0 \u2013 2 a\u00f1os)<\/li>\n\n\n\n<li>\u20ac 2,50 \/ noche para Ni\u00f1os (3 \u2013 13 a\u00f1os)<\/li>\n\n\n\n<li>\u20ac 4,50 \/ noche para Adultos (+14 a\u00f1os)<\/li>\n\n\n\n<li>\u20ac 1,00 \/ noche para Mascotas<\/li>\n<\/ul>\n<\/div>\n<\/div>\n<\/div>\n\n\n\n<h2 class=\"wp-block-heading\"><\/h2>\n<\/div>\n<\/div>\n<\/div>\n<\/div>\n<\/div>\n<\/div>\n\n\n\n<figure class=\"wp-block-gallery has-nested-images columns-default is-cropped wp-block-gallery-2 is-layout-flex wp-block-gallery-is-layout-flex\">\n<figure class=\"wp-block-image size-large\"><a href=\"https:\/\/campismo-o-tamanco.com\/wp-content\/uploads\/2022\/03\/campismotamanco-campsite-map-web.pdf\" target=\"_blank\" rel=\"noopener\"><img loading=\"lazy\" decoding=\"async\" width=\"980\" height=\"668\" data-id=\"2225\" src=\"https:\/\/campismo-o-tamanco.com\/wp-content\/uploads\/2022\/03\/image-campsite-map.jpg\" alt=\"\" class=\"wp-image-2225\" srcset=\"https:\/\/campismo-o-tamanco.com\/wp-content\/uploads\/2022\/03\/image-campsite-map.jpg 980w, https:\/\/campismo-o-tamanco.com\/wp-content\/uploads\/2022\/03\/image-campsite-map-300x204.jpg 300w, https:\/\/campismo-o-tamanco.com\/wp-content\/uploads\/2022\/03\/image-campsite-map-768x523.jpg 768w\" sizes=\"auto, (max-width: 980px) 100vw, 980px\" \/><\/a><\/figure>\n<\/figure>\n\n\n\n<div class=\"wp-block-cover alignfull\"><span aria-hidden=\"true\" class=\"wp-block-cover__background has-background-dim-0 has-background-dim\"><\/span><img loading=\"lazy\" decoding=\"async\" width=\"2560\" height=\"1920\" class=\"wp-block-cover__image-background wp-image-3615\" alt=\"\" src=\"https:\/\/campismo-o-tamanco.com\/wp-content\/uploads\/2022\/03\/IMG_20200921_130840-1-scaled.jpg\" style=\"object-position:50% 86%\" data-object-fit=\"cover\" data-object-position=\"50% 86%\" srcset=\"https:\/\/campismo-o-tamanco.com\/wp-content\/uploads\/2022\/03\/IMG_20200921_130840-1-scaled.jpg 2560w, https:\/\/campismo-o-tamanco.com\/wp-content\/uploads\/2022\/03\/IMG_20200921_130840-1-300x225.jpg 300w, https:\/\/campismo-o-tamanco.com\/wp-content\/uploads\/2022\/03\/IMG_20200921_130840-1-1024x768.jpg 1024w, https:\/\/campismo-o-tamanco.com\/wp-content\/uploads\/2022\/03\/IMG_20200921_130840-1-768x576.jpg 768w, https:\/\/campismo-o-tamanco.com\/wp-content\/uploads\/2022\/03\/IMG_20200921_130840-1-1536x1152.jpg 1536w, https:\/\/campismo-o-tamanco.com\/wp-content\/uploads\/2022\/03\/IMG_20200921_130840-1-2048x1536.jpg 2048w\" sizes=\"auto, (max-width: 2560px) 100vw, 2560px\" \/><div class=\"wp-block-cover__inner-container is-layout-flow wp-block-cover-is-layout-flow\">\n<p class=\"has-text-align-center has-large-font-size\"><\/p>\n<\/div><\/div>\n\n\n\n<h2 class=\"wp-block-heading has-text-align-center\"><\/h2>\n","protected":false},"excerpt":{"rendered":"<p>Camping Rod\u00e9ate de huertas org\u00e1nicas, huertos frutales y una sensaci\u00f3n de bosque. Elija entre espacios con semisombra o soleadas para tiendas de campa\u00f1a, caravanas y autocaravanas con f\u00e1cil acceso. Nuestro camping est\u00e1 construido de forma espaciosa, todas las parcelas est\u00e1n repartidas en una exuberante vegetaci\u00f3n y aun as\u00ed cuentan con servicio de electricidad. Aqu\u00ed reina [&hellip;]<\/p>\n","protected":false},"author":3,"featured_media":0,"parent":3770,"menu_order":0,"comment_status":"closed","ping_status":"closed","template":"","meta":{"inline_featured_image":false,"footnotes":""},"class_list":["post-3780","page","type-page","status-publish","hentry"],"yoast_head":"<!-- This site is optimized with the Yoast SEO plugin v27.5 - https:\/\/yoast.com\/product\/yoast-seo-wordpress\/ -->\n<title>Camping - Tamanco Camp Portugal<\/title>\n<meta name=\"robots\" content=\"index, follow, max-snippet:-1, max-image-preview:large, max-video-preview:-1\" \/>\n<link rel=\"canonical\" href=\"https:\/\/campismo-o-tamanco.com\/es\/quedate\/camping\/\" \/>\n<meta property=\"og:locale\" content=\"es_ES\" \/>\n<meta property=\"og:type\" content=\"article\" \/>\n<meta property=\"og:title\" content=\"Camping - Tamanco Camp Portugal\" \/>\n<meta property=\"og:description\" content=\"Camping Rod\u00e9ate de huertas org\u00e1nicas, huertos frutales y una sensaci\u00f3n de bosque. Elija entre espacios con semisombra o soleadas para tiendas de campa\u00f1a, caravanas y autocaravanas con f\u00e1cil acceso. Nuestro camping est\u00e1 construido de forma espaciosa, todas las parcelas est\u00e1n repartidas en una exuberante vegetaci\u00f3n y aun as\u00ed cuentan con servicio de electricidad. Aqu\u00ed reina [&hellip;]\" \/>\n<meta property=\"og:url\" content=\"https:\/\/campismo-o-tamanco.com\/es\/quedate\/camping\/\" \/>\n<meta property=\"og:site_name\" content=\"Tamanco Camp Portugal\" \/>\n<meta property=\"article:publisher\" content=\"https:\/\/www.facebook.com\/campismotamanco\/\" \/>\n<meta property=\"article:modified_time\" content=\"2025-01-29T18:17:49+00:00\" \/>\n<meta property=\"og:image\" content=\"https:\/\/campismo-o-tamanco.com\/wp-content\/uploads\/2022\/04\/DSC05414-2.jpg\" \/>\n\t<meta property=\"og:image:width\" content=\"1500\" \/>\n\t<meta property=\"og:image:height\" content=\"1500\" \/>\n\t<meta property=\"og:image:type\" content=\"image\/jpeg\" \/>\n<meta name=\"twitter:card\" content=\"summary_large_image\" \/>\n<meta name=\"twitter:label1\" content=\"Tiempo de lectura\" \/>\n\t<meta name=\"twitter:data1\" content=\"3 minutos\" \/>\n<script type=\"application\/ld+json\" class=\"yoast-schema-graph\">{\"@context\":\"https:\\\/\\\/schema.org\",\"@graph\":[{\"@type\":\"WebPage\",\"@id\":\"https:\\\/\\\/campismo-o-tamanco.com\\\/es\\\/quedate\\\/camping\\\/\",\"url\":\"https:\\\/\\\/campismo-o-tamanco.com\\\/es\\\/quedate\\\/camping\\\/\",\"name\":\"Camping - Tamanco Camp Portugal\",\"isPartOf\":{\"@id\":\"https:\\\/\\\/campismo-o-tamanco.com\\\/es\\\/#website\"},\"primaryImageOfPage\":{\"@id\":\"https:\\\/\\\/campismo-o-tamanco.com\\\/es\\\/quedate\\\/camping\\\/#primaryimage\"},\"image\":{\"@id\":\"https:\\\/\\\/campismo-o-tamanco.com\\\/es\\\/quedate\\\/camping\\\/#primaryimage\"},\"thumbnailUrl\":\"https:\\\/\\\/campismo-o-tamanco.com\\\/wp-content\\\/uploads\\\/2022\\\/04\\\/DSC05414-2.jpg\",\"datePublished\":\"2022-03-30T09:34:02+00:00\",\"dateModified\":\"2025-01-29T18:17:49+00:00\",\"breadcrumb\":{\"@id\":\"https:\\\/\\\/campismo-o-tamanco.com\\\/es\\\/quedate\\\/camping\\\/#breadcrumb\"},\"inLanguage\":\"es\",\"potentialAction\":[{\"@type\":\"ReadAction\",\"target\":[\"https:\\\/\\\/campismo-o-tamanco.com\\\/es\\\/quedate\\\/camping\\\/\"]}]},{\"@type\":\"ImageObject\",\"inLanguage\":\"es\",\"@id\":\"https:\\\/\\\/campismo-o-tamanco.com\\\/es\\\/quedate\\\/camping\\\/#primaryimage\",\"url\":\"https:\\\/\\\/campismo-o-tamanco.com\\\/wp-content\\\/uploads\\\/2022\\\/04\\\/DSC05414-2.jpg\",\"contentUrl\":\"https:\\\/\\\/campismo-o-tamanco.com\\\/wp-content\\\/uploads\\\/2022\\\/04\\\/DSC05414-2.jpg\"},{\"@type\":\"BreadcrumbList\",\"@id\":\"https:\\\/\\\/campismo-o-tamanco.com\\\/es\\\/quedate\\\/camping\\\/#breadcrumb\",\"itemListElement\":[{\"@type\":\"ListItem\",\"position\":1,\"name\":\"Home\",\"item\":\"https:\\\/\\\/campismo-o-tamanco.com\\\/es\\\/\"},{\"@type\":\"ListItem\",\"position\":2,\"name\":\"Qu\u00e9date\",\"item\":\"https:\\\/\\\/campismo-o-tamanco.com\\\/es\\\/quedate\\\/\"},{\"@type\":\"ListItem\",\"position\":3,\"name\":\"Camping\"}]},{\"@type\":\"WebSite\",\"@id\":\"https:\\\/\\\/campismo-o-tamanco.com\\\/es\\\/#website\",\"url\":\"https:\\\/\\\/campismo-o-tamanco.com\\\/es\\\/\",\"name\":\"Tamanco Camp Portugal\",\"description\":\"Camping, Cabanas, Yurts, Tubismo\",\"publisher\":{\"@id\":\"https:\\\/\\\/campismo-o-tamanco.com\\\/es\\\/#organization\"},\"potentialAction\":[{\"@type\":\"SearchAction\",\"target\":{\"@type\":\"EntryPoint\",\"urlTemplate\":\"https:\\\/\\\/campismo-o-tamanco.com\\\/es\\\/?s={search_term_string}\"},\"query-input\":{\"@type\":\"PropertyValueSpecification\",\"valueRequired\":true,\"valueName\":\"search_term_string\"}}],\"inLanguage\":\"es\"},{\"@type\":\"Organization\",\"@id\":\"https:\\\/\\\/campismo-o-tamanco.com\\\/es\\\/#organization\",\"name\":\"Campismo O Tamanco\",\"url\":\"https:\\\/\\\/campismo-o-tamanco.com\\\/es\\\/\",\"logo\":{\"@type\":\"ImageObject\",\"inLanguage\":\"es\",\"@id\":\"https:\\\/\\\/campismo-o-tamanco.com\\\/es\\\/#\\\/schema\\\/logo\\\/image\\\/\",\"url\":\"https:\\\/\\\/campismo-o-tamanco.com\\\/wp-content\\\/uploads\\\/2022\\\/03\\\/campismo-o-tamanco-logo-dark.svg\",\"contentUrl\":\"https:\\\/\\\/campismo-o-tamanco.com\\\/wp-content\\\/uploads\\\/2022\\\/03\\\/campismo-o-tamanco-logo-dark.svg\",\"width\":782,\"height\":87,\"caption\":\"Campismo O Tamanco\"},\"image\":{\"@id\":\"https:\\\/\\\/campismo-o-tamanco.com\\\/es\\\/#\\\/schema\\\/logo\\\/image\\\/\"},\"sameAs\":[\"https:\\\/\\\/www.facebook.com\\\/campismotamanco\\\/\",\"https:\\\/\\\/www.instagram.com\\\/campismotamanco\\\/\",\"https:\\\/\\\/www.pinterest.pt\\\/tamancoirene\\\/\"]}]}<\/script>\n<!-- \/ Yoast SEO plugin. -->","yoast_head_json":{"title":"Camping - Tamanco Camp Portugal","robots":{"index":"index","follow":"follow","max-snippet":"max-snippet:-1","max-image-preview":"max-image-preview:large","max-video-preview":"max-video-preview:-1"},"canonical":"https:\/\/campismo-o-tamanco.com\/es\/quedate\/camping\/","og_locale":"es_ES","og_type":"article","og_title":"Camping - Tamanco Camp Portugal","og_description":"Camping Rod\u00e9ate de huertas org\u00e1nicas, huertos frutales y una sensaci\u00f3n de bosque. Elija entre espacios con semisombra o soleadas para tiendas de campa\u00f1a, caravanas y autocaravanas con f\u00e1cil acceso. Nuestro camping est\u00e1 construido de forma espaciosa, todas las parcelas est\u00e1n repartidas en una exuberante vegetaci\u00f3n y aun as\u00ed cuentan con servicio de electricidad. Aqu\u00ed reina [&hellip;]","og_url":"https:\/\/campismo-o-tamanco.com\/es\/quedate\/camping\/","og_site_name":"Tamanco Camp Portugal","article_publisher":"https:\/\/www.facebook.com\/campismotamanco\/","article_modified_time":"2025-01-29T18:17:49+00:00","og_image":[{"width":1500,"height":1500,"url":"https:\/\/campismo-o-tamanco.com\/wp-content\/uploads\/2022\/04\/DSC05414-2.jpg","type":"image\/jpeg"}],"twitter_card":"summary_large_image","twitter_misc":{"Tiempo de lectura":"3 minutos"},"schema":{"@context":"https:\/\/schema.org","@graph":[{"@type":"WebPage","@id":"https:\/\/campismo-o-tamanco.com\/es\/quedate\/camping\/","url":"https:\/\/campismo-o-tamanco.com\/es\/quedate\/camping\/","name":"Camping - Tamanco Camp Portugal","isPartOf":{"@id":"https:\/\/campismo-o-tamanco.com\/es\/#website"},"primaryImageOfPage":{"@id":"https:\/\/campismo-o-tamanco.com\/es\/quedate\/camping\/#primaryimage"},"image":{"@id":"https:\/\/campismo-o-tamanco.com\/es\/quedate\/camping\/#primaryimage"},"thumbnailUrl":"https:\/\/campismo-o-tamanco.com\/wp-content\/uploads\/2022\/04\/DSC05414-2.jpg","datePublished":"2022-03-30T09:34:02+00:00","dateModified":"2025-01-29T18:17:49+00:00","breadcrumb":{"@id":"https:\/\/campismo-o-tamanco.com\/es\/quedate\/camping\/#breadcrumb"},"inLanguage":"es","potentialAction":[{"@type":"ReadAction","target":["https:\/\/campismo-o-tamanco.com\/es\/quedate\/camping\/"]}]},{"@type":"ImageObject","inLanguage":"es","@id":"https:\/\/campismo-o-tamanco.com\/es\/quedate\/camping\/#primaryimage","url":"https:\/\/campismo-o-tamanco.com\/wp-content\/uploads\/2022\/04\/DSC05414-2.jpg","contentUrl":"https:\/\/campismo-o-tamanco.com\/wp-content\/uploads\/2022\/04\/DSC05414-2.jpg"},{"@type":"BreadcrumbList","@id":"https:\/\/campismo-o-tamanco.com\/es\/quedate\/camping\/#breadcrumb","itemListElement":[{"@type":"ListItem","position":1,"name":"Home","item":"https:\/\/campismo-o-tamanco.com\/es\/"},{"@type":"ListItem","position":2,"name":"Qu\u00e9date","item":"https:\/\/campismo-o-tamanco.com\/es\/quedate\/"},{"@type":"ListItem","position":3,"name":"Camping"}]},{"@type":"WebSite","@id":"https:\/\/campismo-o-tamanco.com\/es\/#website","url":"https:\/\/campismo-o-tamanco.com\/es\/","name":"Tamanco Camp Portugal","description":"Camping, Cabanas, Yurts, Tubismo","publisher":{"@id":"https:\/\/campismo-o-tamanco.com\/es\/#organization"},"potentialAction":[{"@type":"SearchAction","target":{"@type":"EntryPoint","urlTemplate":"https:\/\/campismo-o-tamanco.com\/es\/?s={search_term_string}"},"query-input":{"@type":"PropertyValueSpecification","valueRequired":true,"valueName":"search_term_string"}}],"inLanguage":"es"},{"@type":"Organization","@id":"https:\/\/campismo-o-tamanco.com\/es\/#organization","name":"Campismo O Tamanco","url":"https:\/\/campismo-o-tamanco.com\/es\/","logo":{"@type":"ImageObject","inLanguage":"es","@id":"https:\/\/campismo-o-tamanco.com\/es\/#\/schema\/logo\/image\/","url":"https:\/\/campismo-o-tamanco.com\/wp-content\/uploads\/2022\/03\/campismo-o-tamanco-logo-dark.svg","contentUrl":"https:\/\/campismo-o-tamanco.com\/wp-content\/uploads\/2022\/03\/campismo-o-tamanco-logo-dark.svg","width":782,"height":87,"caption":"Campismo O Tamanco"},"image":{"@id":"https:\/\/campismo-o-tamanco.com\/es\/#\/schema\/logo\/image\/"},"sameAs":["https:\/\/www.facebook.com\/campismotamanco\/","https:\/\/www.instagram.com\/campismotamanco\/","https:\/\/www.pinterest.pt\/tamancoirene\/"]}]}},"_links":{"self":[{"href":"https:\/\/campismo-o-tamanco.com\/es\/wp-json\/wp\/v2\/pages\/3780","targetHints":{"allow":["GET"]}}],"collection":[{"href":"https:\/\/campismo-o-tamanco.com\/es\/wp-json\/wp\/v2\/pages"}],"about":[{"href":"https:\/\/campismo-o-tamanco.com\/es\/wp-json\/wp\/v2\/types\/page"}],"author":[{"embeddable":true,"href":"https:\/\/campismo-o-tamanco.com\/es\/wp-json\/wp\/v2\/users\/3"}],"replies":[{"embeddable":true,"href":"https:\/\/campismo-o-tamanco.com\/es\/wp-json\/wp\/v2\/comments?post=3780"}],"version-history":[{"count":36,"href":"https:\/\/campismo-o-tamanco.com\/es\/wp-json\/wp\/v2\/pages\/3780\/revisions"}],"predecessor-version":[{"id":6126,"href":"https:\/\/campismo-o-tamanco.com\/es\/wp-json\/wp\/v2\/pages\/3780\/revisions\/6126"}],"up":[{"embeddable":true,"href":"https:\/\/campismo-o-tamanco.com\/es\/wp-json\/wp\/v2\/pages\/3770"}],"wp:attachment":[{"href":"https:\/\/campismo-o-tamanco.com\/es\/wp-json\/wp\/v2\/media?parent=3780"}],"curies":[{"name":"wp","href":"https:\/\/api.w.org\/{rel}","templated":true}]}}